{"id":45,"date":"2022-09-21T11:57:16","date_gmt":"2022-09-21T11:57:16","guid":{"rendered":"https:\/\/test1.elche.es\/?page_id=45"},"modified":"2022-09-22T11:27:35","modified_gmt":"2022-09-22T11:27:35","slug":"inicio","status":"publish","type":"page","link":"https:\/\/test1.elche.es\/","title":{"rendered":"Acuerdo Territorial de Empleo en Elche"},"content":{"rendered":"\n<div class=\"wp-block-columns alignfull has-background is-layout-flex wp-container-core-columns-is-layout-9d6595d7 wp-block-columns-is-layout-flex\" style=\"background-color:#33baac\">\n<div class=\"wp-block-column is-layout-flow wp-block-column-is-layout-flow\"><div class=\"wp-block-image\">\n<figure class=\"aligncenter size-full\"><img loading=\"lazy\" decoding=\"async\" width=\"800\" height=\"450\" src=\"https:\/\/test1.elche.es\/wp-content\/uploads\/2022\/09\/elcheorienta-banner.gif\" alt=\"\" class=\"wp-image-55\"\/><\/figure>\n<\/div><\/div>\n<\/div>\n\n\n\n<div class=\"wp-block-columns alignwide are-vertically-aligned-top is-layout-flex wp-container-core-columns-is-layout-9d6595d7 wp-block-columns-is-layout-flex\">\n<div class=\"wp-block-column is-vertically-aligned-top is-layout-flow wp-block-column-is-layout-flow\"><div class=\"wp-block-image\">\n<figure class=\"aligncenter size-full is-resized\"><img loading=\"lazy\" decoding=\"async\" src=\"https:\/\/test1.elche.es\/wp-content\/uploads\/2022\/09\/bt-empleo.png\" alt=\"\" class=\"wp-image-68\" width=\"128\" height=\"128\" srcset=\"https:\/\/test1.elche.es\/wp-content\/uploads\/2022\/09\/bt-empleo.png 320w, https:\/\/test1.elche.es\/wp-content\/uploads\/2022\/09\/bt-empleo-300x300.png 300w, https:\/\/test1.elche.es\/wp-content\/uploads\/2022\/09\/bt-empleo-150x150.png 150w\" sizes=\"auto, (max-width: 128px) 100vw, 128px\" \/><\/figure>\n<\/div>\n\n\n<h2 class=\"has-text-color wp-block-heading\" style=\"color:#ef0c27\">Empleo<\/h2>\n\n\n\n<h3 class=\"has-text-color wp-block-heading\" style=\"color:#ef0c27\">Orientaci\u00f3n para el demandante<\/h3>\n\n\n\n<p>Conoce herramientas \u00fatiles para buscar trabajo, aprende a usarlas de forma did\u00e1ctica y ponlas en pr\u00e1ctica.<\/p>\n<\/div>\n\n\n\n<div class=\"wp-block-column is-vertically-aligned-top is-layout-flow wp-block-column-is-layout-flow\"><div class=\"wp-block-image\">\n<figure class=\"aligncenter size-full is-resized\"><img loading=\"lazy\" decoding=\"async\" src=\"https:\/\/test1.elche.es\/wp-content\/uploads\/2022\/09\/btn-emprendimiento.png\" alt=\"\" class=\"wp-image-69\" width=\"128\" height=\"128\" srcset=\"https:\/\/test1.elche.es\/wp-content\/uploads\/2022\/09\/btn-emprendimiento.png 320w, https:\/\/test1.elche.es\/wp-content\/uploads\/2022\/09\/btn-emprendimiento-300x300.png 300w, https:\/\/test1.elche.es\/wp-content\/uploads\/2022\/09\/btn-emprendimiento-150x150.png 150w\" sizes=\"auto, (max-width: 128px) 100vw, 128px\" \/><\/figure>\n<\/div>\n\n\n<h2 class=\"has-text-color wp-block-heading\" style=\"color:#1d64a5\">Emprendimiento<\/h2>\n\n\n\n<h3 class=\"has-text-color wp-block-heading\" style=\"color:#1d64a5\">Orientaci\u00f3n para el emprendedor<\/h3>\n\n\n\n<p>Familiar\u00edzate con el emprendimiento, y da los pasos necesarios para materializar tu idea de proyecto en un negocio viable.<\/p>\n<\/div>\n\n\n\n<div class=\"wp-block-column is-vertically-aligned-top is-layout-flow wp-block-column-is-layout-flow\"><div class=\"wp-block-image\">\n<figure class=\"aligncenter size-full is-resized\"><img loading=\"lazy\" decoding=\"async\" src=\"https:\/\/test1.elche.es\/wp-content\/uploads\/2022\/09\/btn-formacion.png\" alt=\"\" class=\"wp-image-71\" width=\"128\" height=\"128\" srcset=\"https:\/\/test1.elche.es\/wp-content\/uploads\/2022\/09\/btn-formacion.png 320w, https:\/\/test1.elche.es\/wp-content\/uploads\/2022\/09\/btn-formacion-300x300.png 300w, https:\/\/test1.elche.es\/wp-content\/uploads\/2022\/09\/btn-formacion-150x150.png 150w\" sizes=\"auto, (max-width: 128px) 100vw, 128px\" \/><\/figure>\n<\/div>\n\n\n<h2 class=\"has-text-color wp-block-heading\" style=\"color:#f7ca45\">Formaci\u00f3n<\/h2>\n\n\n\n<h3 class=\"has-text-color wp-block-heading\" style=\"color:#f7ca45\">Orientaci\u00f3n para el demandante<\/h3>\n\n\n\n<p>Accede a la oferta formativa con la que mejorar tu perfil profesional y ampliar tus oportunidades laborales.<\/p>\n<\/div>\n<\/div>\n\n\n\n<div class=\"wp-block-group alignfull has-background\" style=\"background-color:#1d64a5\"><div class=\"wp-block-group__inner-container is-layout-flow wp-block-group-is-layout-flow\">\n<div class=\"wp-block-columns alignwide is-layout-flex wp-container-core-columns-is-layout-9d6595d7 wp-block-columns-is-layout-flex\">\n<div class=\"wp-block-column is-layout-flow wp-block-column-is-layout-flow\"><div class=\"wp-block-image\">\n<figure class=\"aligncenter size-full is-resized\"><img loading=\"lazy\" decoding=\"async\" src=\"https:\/\/test1.elche.es\/wp-content\/uploads\/2022\/09\/simbolo_acuerdo_territorial_empleo_sombra.png\" alt=\"Elx\" class=\"wp-image-20\" width=\"256\" height=\"256\" srcset=\"https:\/\/test1.elche.es\/wp-content\/uploads\/2022\/09\/simbolo_acuerdo_territorial_empleo_sombra.png 320w, https:\/\/test1.elche.es\/wp-content\/uploads\/2022\/09\/simbolo_acuerdo_territorial_empleo_sombra-300x300.png 300w, https:\/\/test1.elche.es\/wp-content\/uploads\/2022\/09\/simbolo_acuerdo_territorial_empleo_sombra-150x150.png 150w\" sizes=\"auto, (max-width: 256px) 100vw, 256px\" \/><\/figure>\n<\/div>\n\n\n<h2 class=\"has-text-align-center has-white-color has-text-color wp-block-heading\">Acuerdo Territorial de Empleo y Desarrollo Local<\/h2>\n\n\n\n<p class=\"has-white-color has-text-color\">Acuerdo territorial en materia de empleo y desarrollo local entre el Sindicado Uni\u00f3n General de Trabajadores (UGT), la Conferederaci\u00f3n Sindical de Comisiones Obreras (CCOO), la Confederaci\u00f3n Empresarial de la Comunitat Valenciana (CEV) Alicante y Ajuntament d\u00b4Elx.<\/p>\n\n\n\n<div class=\"wp-block-buttons is-layout-flex wp-block-buttons-is-layout-flex\">\n<div class=\"wp-block-button aligncenter\"><a class=\"wp-block-button__link has-background\" style=\"background-color:#33baac\">&lt; Ver acuerdo &gt;<\/a><\/div>\n<\/div>\n<\/div>\n<\/div>\n<\/div><\/div>\n\n\n\n<div class=\"wp-block-columns alignwide are-vertically-aligned-center is-layout-flex wp-container-core-columns-is-layout-9d6595d7 wp-block-columns-is-layout-flex\">\n<div class=\"wp-block-column is-vertically-aligned-center is-layout-flow wp-block-column-is-layout-flow\">\n<figure class=\"wp-block-image size-full\"><img loading=\"lazy\" decoding=\"async\" width=\"300\" height=\"300\" src=\"https:\/\/test1.elche.es\/wp-content\/uploads\/2022\/09\/ayuntamiento-elche-logo-300x300-1.png\" alt=\"\" class=\"wp-image-105\" srcset=\"https:\/\/test1.elche.es\/wp-content\/uploads\/2022\/09\/ayuntamiento-elche-logo-300x300-1.png 300w, https:\/\/test1.elche.es\/wp-content\/uploads\/2022\/09\/ayuntamiento-elche-logo-300x300-1-150x150.png 150w\" sizes=\"auto, (max-width: 300px) 100vw, 300px\" \/><\/figure>\n<\/div>\n\n\n\n<div class=\"wp-block-column is-vertically-aligned-center is-layout-flow wp-block-column-is-layout-flow\">\n<figure class=\"wp-block-image size-full\"><img loading=\"lazy\" decoding=\"async\" width=\"300\" height=\"120\" src=\"https:\/\/test1.elche.es\/wp-content\/uploads\/2022\/09\/comisiones-obreras-logo-300x120-1.jpg\" alt=\"\" class=\"wp-image-106\"\/><\/figure>\n<\/div>\n\n\n\n<div class=\"wp-block-column is-vertically-aligned-center is-layout-flow wp-block-column-is-layout-flow\">\n<figure class=\"wp-block-image size-full\"><img loading=\"lazy\" decoding=\"async\" width=\"300\" height=\"111\" src=\"https:\/\/test1.elche.es\/wp-content\/uploads\/2022\/09\/confederacion-empresarial-valencia-logo-300x111-1.png\" alt=\"\" class=\"wp-image-107\"\/><\/figure>\n<\/div>\n\n\n\n<div class=\"wp-block-column is-vertically-aligned-center is-layout-flow wp-block-column-is-layout-flow\">\n<figure class=\"wp-block-image size-full\"><img loading=\"lazy\" decoding=\"async\" width=\"300\" height=\"138\" src=\"https:\/\/test1.elche.es\/wp-content\/uploads\/2022\/09\/ug-trabajadores-logo-300x138-1.jpg\" alt=\"\" class=\"wp-image-108\"\/><\/figure>\n<\/div>\n<\/div>\n\n\n\n<p><img loading=\"lazy\" decoding=\"async\" width=\"64\" height=\"64\" class=\"wp-image-110\" style=\"width: 64px;\" src=\"https:\/\/test1.elche.es\/wp-content\/uploads\/2022\/09\/logo-instagram.jpg\" alt=\"\" srcset=\"https:\/\/test1.elche.es\/wp-content\/uploads\/2022\/09\/logo-instagram.jpg 2000w, https:\/\/test1.elche.es\/wp-content\/uploads\/2022\/09\/logo-instagram-300x300.jpg 300w, https:\/\/test1.elche.es\/wp-content\/uploads\/2022\/09\/logo-instagram-1024x1024.jpg 1024w, https:\/\/test1.elche.es\/wp-content\/uploads\/2022\/09\/logo-instagram-150x150.jpg 150w, https:\/\/test1.elche.es\/wp-content\/uploads\/2022\/09\/logo-instagram-768x768.jpg 768w, https:\/\/test1.elche.es\/wp-content\/uploads\/2022\/09\/logo-instagram-1536x1536.jpg 1536w, https:\/\/test1.elche.es\/wp-content\/uploads\/2022\/09\/logo-instagram-1200x1200.jpg 1200w, https:\/\/test1.elche.es\/wp-content\/uploads\/2022\/09\/logo-instagram-1980x1980.jpg 1980w\" sizes=\"auto, (max-width: 64px) 100vw, 64px\" \/> <strong>elche_emprendeyemplea<\/strong><\/p>\n\n\n\n<div class=\"wp-block-columns is-layout-flex wp-container-core-columns-is-layout-9d6595d7 wp-block-columns-is-layout-flex\">\n<div class=\"wp-block-column is-layout-flow wp-block-column-is-layout-flow\">\n<figure class=\"wp-block-image size-full\"><a href=\"https:\/\/www.instagram.com\/p\/CixAXsBtsMI\/\"><img loading=\"lazy\" decoding=\"async\" width=\"640\" height=\"640\" src=\"https:\/\/test1.elche.es\/wp-content\/uploads\/2022\/09\/thumb-placeholder.png\" alt=\"\" class=\"wp-image-111\" srcset=\"https:\/\/test1.elche.es\/wp-content\/uploads\/2022\/09\/thumb-placeholder.png 640w, https:\/\/test1.elche.es\/wp-content\/uploads\/2022\/09\/thumb-placeholder-300x300.png 300w, https:\/\/test1.elche.es\/wp-content\/uploads\/2022\/09\/thumb-placeholder-150x150.png 150w\" sizes=\"auto, (max-width: 640px) 100vw, 640px\" \/><\/a><\/figure>\n<\/div>\n\n\n\n<div class=\"wp-block-column is-layout-flow wp-block-column-is-layout-flow\">\n<figure class=\"wp-block-image size-full\"><a href=\"https:\/\/www.instagram.com\/p\/CiuhiZuoX1J\/\"><img loading=\"lazy\" decoding=\"async\" width=\"640\" height=\"640\" src=\"https:\/\/test1.elche.es\/wp-content\/uploads\/2022\/09\/thumb-placeholder.png\" alt=\"\" class=\"wp-image-111\" srcset=\"https:\/\/test1.elche.es\/wp-content\/uploads\/2022\/09\/thumb-placeholder.png 640w, https:\/\/test1.elche.es\/wp-content\/uploads\/2022\/09\/thumb-placeholder-300x300.png 300w, https:\/\/test1.elche.es\/wp-content\/uploads\/2022\/09\/thumb-placeholder-150x150.png 150w\" sizes=\"auto, (max-width: 640px) 100vw, 640px\" \/><\/a><\/figure>\n<\/div>\n\n\n\n<div class=\"wp-block-column is-layout-flow wp-block-column-is-layout-flow\">\n<figure class=\"wp-block-image size-full\"><a href=\"https:\/\/www.instagram.com\/p\/CirlZyaIYy4\/\"><img loading=\"lazy\" decoding=\"async\" width=\"320\" height=\"320\" src=\"https:\/\/test1.elche.es\/wp-content\/uploads\/2022\/09\/308071168_133465596098373_5960143066201845881_nlow.jpg\" alt=\"\" class=\"wp-image-112\" srcset=\"https:\/\/test1.elche.es\/wp-content\/uploads\/2022\/09\/308071168_133465596098373_5960143066201845881_nlow.jpg 320w, https:\/\/test1.elche.es\/wp-content\/uploads\/2022\/09\/308071168_133465596098373_5960143066201845881_nlow-300x300.jpg 300w, https:\/\/test1.elche.es\/wp-content\/uploads\/2022\/09\/308071168_133465596098373_5960143066201845881_nlow-150x150.jpg 150w\" sizes=\"auto, (max-width: 320px) 100vw, 320px\" \/><\/a><\/figure>\n<\/div>\n\n\n\n<div class=\"wp-block-column is-layout-flow wp-block-column-is-layout-flow\">\n<figure class=\"wp-block-image size-full\"><img loading=\"lazy\" decoding=\"async\" width=\"320\" height=\"320\" src=\"https:\/\/test1.elche.es\/wp-content\/uploads\/2022\/09\/307228421_107583732102631_4634794008680770059_nlow.jpg\" alt=\"\" class=\"wp-image-113\" srcset=\"https:\/\/test1.elche.es\/wp-content\/uploads\/2022\/09\/307228421_107583732102631_4634794008680770059_nlow.jpg 320w, https:\/\/test1.elche.es\/wp-content\/uploads\/2022\/09\/307228421_107583732102631_4634794008680770059_nlow-300x300.jpg 300w, https:\/\/test1.elche.es\/wp-content\/uploads\/2022\/09\/307228421_107583732102631_4634794008680770059_nlow-150x150.jpg 150w\" sizes=\"auto, (max-width: 320px) 100vw, 320px\" \/><\/figure>\n<\/div>\n<\/div>\n\n\n\n<div class=\"wp-block-buttons is-layout-flex wp-block-buttons-is-layout-flex\">\n<div class=\"wp-block-button aligncenter\"><a class=\"wp-block-button__link has-background\" style=\"background-color:#33baac\">&lt; Seguir en Instagram &gt;<\/a><\/div>\n<\/div>\n","protected":false},"excerpt":{"rendered":"<p>Empleo Orientaci\u00f3n para el demandante Conoce herramientas \u00fatiles para buscar trabajo, aprende a usarlas de forma did\u00e1ctica y ponlas en pr\u00e1ctica. Emprendimiento Orientaci\u00f3n para el emprendedor Familiar\u00edzate con el emprendimiento, y da los pasos necesarios para materializar tu idea de proyecto en un negocio viable. Formaci\u00f3n Orientaci\u00f3n para el demandante Accede a la oferta formativa&hellip; <a class=\"more-link\" href=\"https:\/\/test1.elche.es\/\">Seguir leyendo <span class=\"screen-reader-text\">Acuerdo Territorial de Empleo en Elche<\/span><\/a><\/p>\n","protected":false},"author":1,"featured_media":0,"parent":0,"menu_order":0,"comment_status":"closed","ping_status":"closed","template":"","meta":{"footnotes":""},"class_list":["post-45","page","type-page","status-publish","hentry","entry"],"_links":{"self":[{"href":"https:\/\/test1.elche.es\/index.php\/wp-json\/wp\/v2\/pages\/45","targetHints":{"allow":["GET"]}}],"collection":[{"href":"https:\/\/test1.elche.es\/index.php\/wp-json\/wp\/v2\/pages"}],"about":[{"href":"https:\/\/test1.elche.es\/index.php\/wp-json\/wp\/v2\/types\/page"}],"author":[{"embeddable":true,"href":"https:\/\/test1.elche.es\/index.php\/wp-json\/wp\/v2\/users\/1"}],"replies":[{"embeddable":true,"href":"https:\/\/test1.elche.es\/index.php\/wp-json\/wp\/v2\/comments?post=45"}],"version-history":[{"count":70,"href":"https:\/\/test1.elche.es\/index.php\/wp-json\/wp\/v2\/pages\/45\/revisions"}],"predecessor-version":[{"id":142,"href":"https:\/\/test1.elche.es\/index.php\/wp-json\/wp\/v2\/pages\/45\/revisions\/142"}],"wp:attachment":[{"href":"https:\/\/test1.elche.es\/index.php\/wp-json\/wp\/v2\/media?parent=45"}],"curies":[{"name":"wp","href":"https:\/\/api.w.org\/{rel}","templated":true}]}}